{"id":9553,"date":"2019-05-03T12:58:52","date_gmt":"2019-05-03T10:58:52","guid":{"rendered":"https:\/\/www.eefshp.org\/activities\/news-posts\/"},"modified":"2021-04-17T20:30:16","modified_gmt":"2021-04-17T17:30:16","slug":"news","status":"publish","type":"page","link":"https:\/\/www.eefshp.org\/en\/activities\/news\/","title":{"rendered":"News"},"content":{"rendered":"<div id='av_section_1'  class='avia-section av-av_section-3ef07c12a2bb1670acbb6a6393332f22 main_color avia-section-default avia-no-border-styling  avia-builder-el-0  el_before_av_blog  avia-builder-el-first  avia-bg-style-scroll container_wrap sidebar_right'  ><div class='container av-section-cont-open' ><main  role=\"main\" itemprop=\"mainContentOfPage\"  class='template-page content  av-content-small alpha units'><div class='post-entry post-entry-type-page post-entry-9553'><div class='entry-content-wrapper clearfix'>\n\n<style type=\"text\/css\" data-created_by=\"avia_inline_auto\" id=\"style-css-av-av_one_full-25347b0a799d5b9f7058434b2a9c3182\">\n.flex_column.av-av_one_full-25347b0a799d5b9f7058434b2a9c3182{\nborder-radius:0px 0px 0px 0px;\npadding:0px 0px 0px 0px;\n}\n<\/style>\n<div  class='flex_column av-av_one_full-25347b0a799d5b9f7058434b2a9c3182 av_one_full  avia-builder-el-1  avia-builder-el-no-sibling  first flex_column_div av-zero-column-padding  '     ><style type=\"text\/css\" data-created_by=\"avia_inline_auto\" id=\"style-css-av-knm0lcsc-4ba86603c380ba0d720911649d876e55\">\n#top .av-special-heading.av-knm0lcsc-4ba86603c380ba0d720911649d876e55{\npadding-bottom:10px;\n}\nbody .av-special-heading.av-knm0lcsc-4ba86603c380ba0d720911649d876e55 .av-special-heading-tag .heading-char{\nfont-size:25px;\n}\n.av-special-heading.av-knm0lcsc-4ba86603c380ba0d720911649d876e55 .av-subheading{\nfont-size:16px;\n}\n<\/style>\n<div  class='av-special-heading av-knm0lcsc-4ba86603c380ba0d720911649d876e55 av-special-heading-h1 custom-color-heading blockquote modern-quote modern-centered  avia-builder-el-2  avia-builder-el-no-sibling '><h1 class='av-special-heading-tag '  itemprop=\"headline\"  >News<\/h1><div class=\"special-heading-border\"><div class=\"special-heading-inner-border\"><\/div><\/div><\/div><\/div><\/div><\/div><\/main><!-- close content main element --><\/div><\/div><div id='after_section_1'  class='main_color av_default_container_wrap container_wrap sidebar_right'  ><div class='container av-section-cont-open' ><div class='template-page content  av-content-small alpha units'><div class='post-entry post-entry-type-page post-entry-9553'><div class='entry-content-wrapper clearfix'><div  data-slideshow-options=\"{&quot;animation&quot;:&quot;fade&quot;,&quot;autoplay&quot;:false,&quot;loop_autoplay&quot;:&quot;once&quot;,&quot;interval&quot;:5,&quot;loop_manual&quot;:&quot;manual-endless&quot;,&quot;autoplay_stopper&quot;:false,&quot;noNavigation&quot;:false,&quot;show_slide_delay&quot;:90}\" class='avia-content-slider avia-content-grid-active avia-content-slider1 avia-content-slider-odd  avia-builder-el-3  el_after_av_section  avia-builder-el-no-sibling  av-slideshow-ui av-control-default   av-no-slider-navigation av-slideshow-manual av-loop-once av-loop-manual-endless '  itemscope=\"itemscope\" itemtype=\"https:\/\/schema.org\/Blog\" ><div class=\"avia-content-slider-inner\"><div class=\"slide-entry-wrap\"><article class='slide-entry flex_column  post-entry post-entry-22257 slide-entry-overview slide-loop-1 slide-parity-odd  av_one_third first real-thumbnail posttype-post post-format-standard'  itemscope=\"itemscope\" itemtype=\"https:\/\/schema.org\/CreativeWork\" ><a href='https:\/\/www.eefshp.org\/en\/the-society-for-hellenism-and-philhellenism-shp-as-gold-sponsor-in-messolonghi\/' data-rel='slide-1' class='slide-image' title='The Society for Hellenism and Philhellenism (SHP) as Gold Sponsor in Messolonghi'><img decoding=\"async\" fetchpriority=\"high\" width=\"495\" height=\"400\" src=\"https:\/\/www.eefshp.org\/wp-content\/uploads\/2026\/04\/Messolonghi_2-495x400.png\" class=\"wp-image-22225 avia-img-lazy-loading-not-22225 attachment-portfolio size-portfolio wp-post-image\" alt=\"\" \/><\/a><div class=\"slide-content\"><header class=\"entry-content-header\" aria-label=\"Slide: The Society for Hellenism and Philhellenism (SHP) as Gold Sponsor in Messolonghi\"><h3 class='slide-entry-title entry-title '  itemprop=\"headline\" ><a href='https:\/\/www.eefshp.org\/en\/the-society-for-hellenism-and-philhellenism-shp-as-gold-sponsor-in-messolonghi\/' title='The Society for Hellenism and Philhellenism (SHP) as Gold Sponsor in Messolonghi'>The Society for Hellenism and Philhellenism (SHP) as Gold Sponsor in Messolonghi<\/a><\/h3><span class=\"blog-categories minor-meta\"><a href=\"https:\/\/www.eefshp.org\/en\/category\/news\/\" rel=\"tag\">News<\/a> <\/span><span class=\"av-vertical-delimiter\"><\/span><\/header><div class='slide-entry-excerpt entry-content'  itemprop=\"text\" >\r\n\r\n&nbsp;\r\n\r\nThe Society for Hellenism and Philhellenism (SHP) and the Philhellenism Museum participate in the events of the 200th anniversary of the Exodus of Messolonghi by supporting important activities as Gold Sponsors.\r\n\r\nIn the context\u2026<\/div><\/div><footer class=\"entry-footer\"><div class=\"slide-meta\"><time class='slide-meta-time updated'  itemprop=\"datePublished\" datetime=\"2026-04-05T21:09:03+03:00\" >5 April 2026<\/time><\/div><\/footer><span class='hidden'>\n\t\t\t\t<span class='av-structured-data'  itemprop=\"image\" itemscope=\"itemscope\" itemtype=\"https:\/\/schema.org\/ImageObject\" >\n\t\t\t\t\t\t<span itemprop='url'>https:\/\/www.eefshp.org\/wp-content\/uploads\/2026\/04\/Messolonghi_2.png<\/span>\n\t\t\t\t\t\t<span itemprop='height'>602<\/span>\n\t\t\t\t\t\t<span itemprop='width'>607<\/span>\n\t\t\t\t<\/span>\n\t\t\t\t<span class='av-structured-data'  itemprop=\"publisher\" itemtype=\"https:\/\/schema.org\/Organization\" itemscope=\"itemscope\" >\n\t\t\t\t\t\t<span itemprop='name'>elpiniki<\/span>\n\t\t\t\t\t\t<span itemprop='logo' itemscope itemtype='https:\/\/schema.org\/ImageObject'>\n\t\t\t\t\t\t\t<span itemprop='url'>https:\/\/www.eefshp.org\/wp-content\/uploads\/2019\/05\/logo_eefshp_svg_EN.svg<\/span>\n\t\t\t\t\t\t<\/span>\n\t\t\t\t<\/span><span class='av-structured-data'  itemprop=\"author\" itemscope=\"itemscope\" itemtype=\"https:\/\/schema.org\/Person\" ><span itemprop='name'>elpiniki<\/span><\/span><span class='av-structured-data'  itemprop=\"datePublished\" datetime=\"2019-05-03T12:58:52+03:00\" >2026-04-05 21:09:03<\/span><span class='av-structured-data'  itemprop=\"dateModified\" itemtype=\"https:\/\/schema.org\/dateModified\" >2026-04-05 21:10:14<\/span><span class='av-structured-data'  itemprop=\"mainEntityOfPage\" itemtype=\"https:\/\/schema.org\/mainEntityOfPage\" ><span itemprop='name'>The Society for Hellenism and Philhellenism (SHP) as Gold Sponsor in Messolonghi<\/span><\/span><\/span><\/article><article class='slide-entry flex_column  post-entry post-entry-22194 slide-entry-overview slide-loop-2 slide-parity-even  av_one_third  real-thumbnail posttype-post post-format-standard'  itemscope=\"itemscope\" itemtype=\"https:\/\/schema.org\/CreativeWork\" ><a href='https:\/\/www.eefshp.org\/en\/the-lord-byron-prize-2025-to-mr-alain-berset-in-his-first-official-visit-to-greece\/' data-rel='slide-1' class='slide-image' title='The Lord Byron Prize 2025 to Mr. Alain Berset, in his first official visit to Greece'><img decoding=\"async\" fetchpriority=\"high\" width=\"495\" height=\"400\" src=\"https:\/\/www.eefshp.org\/wp-content\/uploads\/2026\/02\/01_LordByronPrizeAlainBerset-495x400.jpg\" class=\"wp-image-22152 avia-img-lazy-loading-not-22152 attachment-portfolio size-portfolio wp-post-image\" alt=\"\" \/><\/a><div class=\"slide-content\"><header class=\"entry-content-header\" aria-label=\"Slide: The Lord Byron Prize 2025 to Mr. Alain Berset, in his first official visit to Greece\"><h3 class='slide-entry-title entry-title '  itemprop=\"headline\" ><a href='https:\/\/www.eefshp.org\/en\/the-lord-byron-prize-2025-to-mr-alain-berset-in-his-first-official-visit-to-greece\/' title='The Lord Byron Prize 2025 to Mr. Alain Berset, in his first official visit to Greece'>The Lord Byron Prize 2025 to Mr. Alain Berset, in his first official visit to Greece<\/a><\/h3><span class=\"blog-categories minor-meta\"><a href=\"https:\/\/www.eefshp.org\/en\/category\/news\/\" rel=\"tag\">News<\/a> <\/span><span class=\"av-vertical-delimiter\"><\/span><\/header><div class='slide-entry-excerpt entry-content'  itemprop=\"text\" >\r\n\r\n&nbsp;\r\n\r\n\r\n\r\nMr. Alain Berset, Secretary General of the 46-member Council of Europe, during his first official visit to Greece was awarded the international Lord Byron Prize 2025 for Philhellenism, opening his speech in the Greek language,\u2026<\/div><\/div><footer class=\"entry-footer\"><div class=\"slide-meta\"><time class='slide-meta-time updated'  itemprop=\"datePublished\" datetime=\"2026-02-10T18:24:38+02:00\" >10 February 2026<\/time><\/div><\/footer><span class='hidden'>\n\t\t\t\t<span class='av-structured-data'  itemprop=\"image\" itemscope=\"itemscope\" itemtype=\"https:\/\/schema.org\/ImageObject\" >\n\t\t\t\t\t\t<span itemprop='url'>https:\/\/www.eefshp.org\/wp-content\/uploads\/2026\/02\/01_LordByronPrizeAlainBerset.jpg<\/span>\n\t\t\t\t\t\t<span itemprop='height'>667<\/span>\n\t\t\t\t\t\t<span itemprop='width'>1000<\/span>\n\t\t\t\t<\/span>\n\t\t\t\t<span class='av-structured-data'  itemprop=\"publisher\" itemtype=\"https:\/\/schema.org\/Organization\" itemscope=\"itemscope\" >\n\t\t\t\t\t\t<span itemprop='name'>elpiniki<\/span>\n\t\t\t\t\t\t<span itemprop='logo' itemscope itemtype='https:\/\/schema.org\/ImageObject'>\n\t\t\t\t\t\t\t<span itemprop='url'>https:\/\/www.eefshp.org\/wp-content\/uploads\/2019\/05\/logo_eefshp_svg_EN.svg<\/span>\n\t\t\t\t\t\t<\/span>\n\t\t\t\t<\/span><span class='av-structured-data'  itemprop=\"author\" itemscope=\"itemscope\" itemtype=\"https:\/\/schema.org\/Person\" ><span itemprop='name'>elpiniki<\/span><\/span><span class='av-structured-data'  itemprop=\"datePublished\" datetime=\"2019-05-03T12:58:52+03:00\" >2026-02-10 18:24:38<\/span><span class='av-structured-data'  itemprop=\"dateModified\" itemtype=\"https:\/\/schema.org\/dateModified\" >2026-02-10 18:59:35<\/span><span class='av-structured-data'  itemprop=\"mainEntityOfPage\" itemtype=\"https:\/\/schema.org\/mainEntityOfPage\" ><span itemprop='name'>The Lord Byron Prize 2025 to Mr. Alain Berset, in his first official visit to Greece<\/span><\/span><\/span><\/article><article class='slide-entry flex_column  post-entry post-entry-22122 slide-entry-overview slide-loop-3 slide-parity-odd  av_one_third  real-thumbnail posttype-post post-format-standard'  itemscope=\"itemscope\" itemtype=\"https:\/\/schema.org\/CreativeWork\" ><a href='https:\/\/www.eefshp.org\/en\/lord-byron-prize-award-ceremony\/' data-rel='slide-1' class='slide-image' title='Lord Byron Prize Award Ceremony'><img decoding=\"async\" fetchpriority=\"high\" width=\"495\" height=\"400\" src=\"https:\/\/www.eefshp.org\/wp-content\/uploads\/2026\/01\/AlainBersetPortrait-495x400.png\" class=\"wp-image-22104 avia-img-lazy-loading-not-22104 attachment-portfolio size-portfolio wp-post-image\" alt=\"\" \/><\/a><div class=\"slide-content\"><header class=\"entry-content-header\" aria-label=\"Slide: Lord Byron Prize Award Ceremony\"><h3 class='slide-entry-title entry-title '  itemprop=\"headline\" ><a href='https:\/\/www.eefshp.org\/en\/lord-byron-prize-award-ceremony\/' title='Lord Byron Prize Award Ceremony'>Lord Byron Prize Award Ceremony<\/a><\/h3><span class=\"blog-categories minor-meta\"><a href=\"https:\/\/www.eefshp.org\/en\/category\/news\/\" rel=\"tag\">News<\/a> <\/span><span class=\"av-vertical-delimiter\"><\/span><\/header><div class='slide-entry-excerpt entry-content'  itemprop=\"text\" >\r\n\r\n&nbsp;\r\n\r\nINVITATION\r\n\r\nThe Society for Hellenism and Philhellenism (SHP) has instituted since 2021 the International Lord Byron Philhellenism Award in the name of the great poet and Philhellene, Lord Byron.\r\n\r\nThe Prize is now awarded to\u2026<\/div><\/div><footer class=\"entry-footer\"><div class=\"slide-meta\"><time class='slide-meta-time updated'  itemprop=\"datePublished\" datetime=\"2026-01-23T16:19:13+02:00\" >23 January 2026<\/time><\/div><\/footer><span class='hidden'>\n\t\t\t\t<span class='av-structured-data'  itemprop=\"image\" itemscope=\"itemscope\" itemtype=\"https:\/\/schema.org\/ImageObject\" >\n\t\t\t\t\t\t<span itemprop='url'>https:\/\/www.eefshp.org\/wp-content\/uploads\/2026\/01\/AlainBersetPortrait.png<\/span>\n\t\t\t\t\t\t<span itemprop='height'>489<\/span>\n\t\t\t\t\t\t<span itemprop='width'>870<\/span>\n\t\t\t\t<\/span>\n\t\t\t\t<span class='av-structured-data'  itemprop=\"publisher\" itemtype=\"https:\/\/schema.org\/Organization\" itemscope=\"itemscope\" >\n\t\t\t\t\t\t<span itemprop='name'>elpiniki<\/span>\n\t\t\t\t\t\t<span itemprop='logo' itemscope itemtype='https:\/\/schema.org\/ImageObject'>\n\t\t\t\t\t\t\t<span itemprop='url'>https:\/\/www.eefshp.org\/wp-content\/uploads\/2019\/05\/logo_eefshp_svg_EN.svg<\/span>\n\t\t\t\t\t\t<\/span>\n\t\t\t\t<\/span><span class='av-structured-data'  itemprop=\"author\" itemscope=\"itemscope\" itemtype=\"https:\/\/schema.org\/Person\" ><span itemprop='name'>elpiniki<\/span><\/span><span class='av-structured-data'  itemprop=\"datePublished\" datetime=\"2019-05-03T12:58:52+03:00\" >2026-01-23 16:19:13<\/span><span class='av-structured-data'  itemprop=\"dateModified\" itemtype=\"https:\/\/schema.org\/dateModified\" >2026-01-27 16:48:59<\/span><span class='av-structured-data'  itemprop=\"mainEntityOfPage\" itemtype=\"https:\/\/schema.org\/mainEntityOfPage\" ><span itemprop='name'>Lord Byron Prize Award Ceremony<\/span><\/span><\/span><\/article><\/div><div class=\"slide-entry-wrap\"><article class='slide-entry flex_column  post-entry post-entry-22090 slide-entry-overview slide-loop-4 slide-parity-odd  av_one_third first real-thumbnail posttype-post post-format-standard'  itemscope=\"itemscope\" itemtype=\"https:\/\/schema.org\/CreativeWork\" ><a href='https:\/\/www.eefshp.org\/en\/merry-christmas-and-happy-new-year-2026\/' data-rel='slide-1' class='slide-image' title='Merry Christmas and Happy New Year 2026!'><img decoding=\"async\" fetchpriority=\"high\" width=\"369\" height=\"400\" src=\"https:\/\/www.eefshp.org\/wp-content\/uploads\/2025\/12\/Ary_Sheffer_Mesolonghi-369x400.jpg\" class=\"wp-image-22087 avia-img-lazy-loading-not-22087 attachment-portfolio size-portfolio wp-post-image\" alt=\"\" \/><\/a><div class=\"slide-content\"><header class=\"entry-content-header\" aria-label=\"Slide: Merry Christmas and Happy New Year 2026!\"><h3 class='slide-entry-title entry-title '  itemprop=\"headline\" ><a href='https:\/\/www.eefshp.org\/en\/merry-christmas-and-happy-new-year-2026\/' title='Merry Christmas and Happy New Year 2026!'>Merry Christmas and Happy New Year 2026!<\/a><\/h3><span class=\"blog-categories minor-meta\"><a href=\"https:\/\/www.eefshp.org\/en\/category\/news\/\" rel=\"tag\">News<\/a> <\/span><span class=\"av-vertical-delimiter\"><\/span><\/header><div class='slide-entry-excerpt entry-content'  itemprop=\"text\" >\r\n\r\n&nbsp;\r\n\r\nDear Friends,\r\n\r\nThe Society for Hellenism and Philhellenism (SHP) and the Philhellenism Museum wish you a Merry Christmas and a Happy New Year 2026!\r\n\r\nIn 2026 we will organize a multitude of actions and anniversary events, including\u2026<\/div><\/div><footer class=\"entry-footer\"><div class=\"slide-meta\"><time class='slide-meta-time updated'  itemprop=\"datePublished\" datetime=\"2025-12-21T14:53:05+02:00\" >21 December 2025<\/time><\/div><\/footer><span class='hidden'>\n\t\t\t\t<span class='av-structured-data'  itemprop=\"image\" itemscope=\"itemscope\" itemtype=\"https:\/\/schema.org\/ImageObject\" >\n\t\t\t\t\t\t<span itemprop='url'>https:\/\/www.eefshp.org\/wp-content\/uploads\/2025\/12\/Ary_Sheffer_Mesolonghi.jpg<\/span>\n\t\t\t\t\t\t<span itemprop='height'>500<\/span>\n\t\t\t\t\t\t<span itemprop='width'>369<\/span>\n\t\t\t\t<\/span>\n\t\t\t\t<span class='av-structured-data'  itemprop=\"publisher\" itemtype=\"https:\/\/schema.org\/Organization\" itemscope=\"itemscope\" >\n\t\t\t\t\t\t<span itemprop='name'>elpiniki<\/span>\n\t\t\t\t\t\t<span itemprop='logo' itemscope itemtype='https:\/\/schema.org\/ImageObject'>\n\t\t\t\t\t\t\t<span itemprop='url'>https:\/\/www.eefshp.org\/wp-content\/uploads\/2019\/05\/logo_eefshp_svg_EN.svg<\/span>\n\t\t\t\t\t\t<\/span>\n\t\t\t\t<\/span><span class='av-structured-data'  itemprop=\"author\" itemscope=\"itemscope\" itemtype=\"https:\/\/schema.org\/Person\" ><span itemprop='name'>elpiniki<\/span><\/span><span class='av-structured-data'  itemprop=\"datePublished\" datetime=\"2019-05-03T12:58:52+03:00\" >2025-12-21 14:53:05<\/span><span class='av-structured-data'  itemprop=\"dateModified\" itemtype=\"https:\/\/schema.org\/dateModified\" >2025-12-21 14:53:57<\/span><span class='av-structured-data'  itemprop=\"mainEntityOfPage\" itemtype=\"https:\/\/schema.org\/mainEntityOfPage\" ><span itemprop='name'>Merry Christmas and Happy New Year 2026!<\/span><\/span><\/span><\/article><article class='slide-entry flex_column  post-entry post-entry-22073 slide-entry-overview slide-loop-5 slide-parity-even  av_one_third  real-thumbnail posttype-post post-format-standard'  itemscope=\"itemscope\" itemtype=\"https:\/\/schema.org\/CreativeWork\" ><a href='https:\/\/www.eefshp.org\/en\/the-descendants-of-thomas-cochrane-and-edward-codrington-in-athens\/' data-rel='slide-1' class='slide-image' title='The descendants of Thomas Cochrane and Edward Codrington in Athens'><img decoding=\"async\" fetchpriority=\"high\" width=\"495\" height=\"400\" src=\"https:\/\/www.eefshp.org\/wp-content\/uploads\/2025\/12\/Averov_14Dec2025-495x400.jpg\" class=\"wp-image-22068 avia-img-lazy-loading-not-22068 attachment-portfolio size-portfolio wp-post-image\" alt=\"\" srcset=\"https:\/\/www.eefshp.org\/wp-content\/uploads\/2025\/12\/Averov_14Dec2025-495x400.jpg 495w, https:\/\/www.eefshp.org\/wp-content\/uploads\/2025\/12\/Averov_14Dec2025-845x684.jpg 845w\" sizes=\"(max-width: 495px) 100vw, 495px\" \/><\/a><div class=\"slide-content\"><header class=\"entry-content-header\" aria-label=\"Slide: The descendants of Thomas Cochrane and Edward Codrington in Athens\"><h3 class='slide-entry-title entry-title '  itemprop=\"headline\" ><a href='https:\/\/www.eefshp.org\/en\/the-descendants-of-thomas-cochrane-and-edward-codrington-in-athens\/' title='The descendants of Thomas Cochrane and Edward Codrington in Athens'>The descendants of Thomas Cochrane and Edward Codrington in Athens<\/a><\/h3><span class=\"blog-categories minor-meta\"><a href=\"https:\/\/www.eefshp.org\/en\/category\/news\/\" rel=\"tag\">News<\/a> <\/span><span class=\"av-vertical-delimiter\"><\/span><\/header><div class='slide-entry-excerpt entry-content'  itemprop=\"text\" >\r\n\r\n&nbsp;\r\n\r\nThe SHP and the Philhellenism Museum participated together with the descendants of two important protagonists of the Greek War of Independence, Thomas Cochrane and Edward Codrington, in an event at the Floating Naval Museum Battleship\u2026<\/div><\/div><footer class=\"entry-footer\"><div class=\"slide-meta\"><time class='slide-meta-time updated'  itemprop=\"datePublished\" datetime=\"2025-12-16T12:12:11+02:00\" >16 December 2025<\/time><\/div><\/footer><span class='hidden'>\n\t\t\t\t<span class='av-structured-data'  itemprop=\"image\" itemscope=\"itemscope\" itemtype=\"https:\/\/schema.org\/ImageObject\" >\n\t\t\t\t\t\t<span itemprop='url'>https:\/\/www.eefshp.org\/wp-content\/uploads\/2025\/12\/Averov_14Dec2025.jpg<\/span>\n\t\t\t\t\t\t<span itemprop='height'>750<\/span>\n\t\t\t\t\t\t<span itemprop='width'>1000<\/span>\n\t\t\t\t<\/span>\n\t\t\t\t<span class='av-structured-data'  itemprop=\"publisher\" itemtype=\"https:\/\/schema.org\/Organization\" itemscope=\"itemscope\" >\n\t\t\t\t\t\t<span itemprop='name'>elpiniki<\/span>\n\t\t\t\t\t\t<span itemprop='logo' itemscope itemtype='https:\/\/schema.org\/ImageObject'>\n\t\t\t\t\t\t\t<span itemprop='url'>https:\/\/www.eefshp.org\/wp-content\/uploads\/2019\/05\/logo_eefshp_svg_EN.svg<\/span>\n\t\t\t\t\t\t<\/span>\n\t\t\t\t<\/span><span class='av-structured-data'  itemprop=\"author\" itemscope=\"itemscope\" itemtype=\"https:\/\/schema.org\/Person\" ><span itemprop='name'>elpiniki<\/span><\/span><span class='av-structured-data'  itemprop=\"datePublished\" datetime=\"2019-05-03T12:58:52+03:00\" >2025-12-16 12:12:11<\/span><span class='av-structured-data'  itemprop=\"dateModified\" itemtype=\"https:\/\/schema.org\/dateModified\" >2025-12-16 12:25:04<\/span><span class='av-structured-data'  itemprop=\"mainEntityOfPage\" itemtype=\"https:\/\/schema.org\/mainEntityOfPage\" ><span itemprop='name'>The descendants of Thomas Cochrane and Edward Codrington in Athens<\/span><\/span><\/span><\/article><article class='slide-entry flex_column  post-entry post-entry-22062 slide-entry-overview slide-loop-6 slide-parity-odd  av_one_third  real-thumbnail posttype-post post-format-standard'  itemscope=\"itemscope\" itemtype=\"https:\/\/schema.org\/CreativeWork\" ><a href='https:\/\/www.eefshp.org\/en\/lecture-for-swiss-philhellenism-in-basel\/' data-rel='slide-1' class='slide-image' title='Lecture for Swiss Philhellenism in Basel'><img decoding=\"async\" fetchpriority=\"high\" width=\"495\" height=\"400\" src=\"https:\/\/www.eefshp.org\/wp-content\/uploads\/2025\/11\/\u039c\u0395-\u03a4\u039f-\u03a0\u03a1\u039f\u0395\u0394\u03a1\u0395\u0399\u039f-495x400.jpg\" class=\"wp-image-22054 avia-img-lazy-loading-not-22054 attachment-portfolio size-portfolio wp-post-image\" alt=\"\" srcset=\"https:\/\/www.eefshp.org\/wp-content\/uploads\/2025\/11\/\u039c\u0395-\u03a4\u039f-\u03a0\u03a1\u039f\u0395\u0394\u03a1\u0395\u0399\u039f-495x400.jpg 495w, https:\/\/www.eefshp.org\/wp-content\/uploads\/2025\/11\/\u039c\u0395-\u03a4\u039f-\u03a0\u03a1\u039f\u0395\u0394\u03a1\u0395\u0399\u039f-845x684.jpg 845w\" sizes=\"(max-width: 495px) 100vw, 495px\" \/><\/a><div class=\"slide-content\"><header class=\"entry-content-header\" aria-label=\"Slide: Lecture for Swiss Philhellenism in Basel\"><h3 class='slide-entry-title entry-title '  itemprop=\"headline\" ><a href='https:\/\/www.eefshp.org\/en\/lecture-for-swiss-philhellenism-in-basel\/' title='Lecture for Swiss Philhellenism in Basel'>Lecture for Swiss Philhellenism in Basel<\/a><\/h3><span class=\"blog-categories minor-meta\"><a href=\"https:\/\/www.eefshp.org\/en\/category\/news\/\" rel=\"tag\">News<\/a> <\/span><span class=\"av-vertical-delimiter\"><\/span><\/header><div class='slide-entry-excerpt entry-content'  itemprop=\"text\" >\r\n\r\n&nbsp;\r\n\r\nUnder the auspices of the Greek Embassy in Bern, the tribute of the association \u201cCultural Circle of Friends of Greece in Basel\u201d took place on November 14, 2025, with the speaker being the vice-president of the Society for Hellenism\u2026<\/div><\/div><footer class=\"entry-footer\"><div class=\"slide-meta\"><time class='slide-meta-time updated'  itemprop=\"datePublished\" datetime=\"2025-11-30T16:34:31+02:00\" >30 November 2025<\/time><\/div><\/footer><span class='hidden'>\n\t\t\t\t<span class='av-structured-data'  itemprop=\"image\" itemscope=\"itemscope\" itemtype=\"https:\/\/schema.org\/ImageObject\" >\n\t\t\t\t\t\t<span itemprop='url'>https:\/\/www.eefshp.org\/wp-content\/uploads\/2025\/11\/\u039c\u0395-\u03a4\u039f-\u03a0\u03a1\u039f\u0395\u0394\u03a1\u0395\u0399\u039f.jpg<\/span>\n\t\t\t\t\t\t<span itemprop='height'>1200<\/span>\n\t\t\t\t\t\t<span itemprop='width'>1600<\/span>\n\t\t\t\t<\/span>\n\t\t\t\t<span class='av-structured-data'  itemprop=\"publisher\" itemtype=\"https:\/\/schema.org\/Organization\" itemscope=\"itemscope\" >\n\t\t\t\t\t\t<span itemprop='name'>elpiniki<\/span>\n\t\t\t\t\t\t<span itemprop='logo' itemscope itemtype='https:\/\/schema.org\/ImageObject'>\n\t\t\t\t\t\t\t<span itemprop='url'>https:\/\/www.eefshp.org\/wp-content\/uploads\/2019\/05\/logo_eefshp_svg_EN.svg<\/span>\n\t\t\t\t\t\t<\/span>\n\t\t\t\t<\/span><span class='av-structured-data'  itemprop=\"author\" itemscope=\"itemscope\" itemtype=\"https:\/\/schema.org\/Person\" ><span itemprop='name'>elpiniki<\/span><\/span><span class='av-structured-data'  itemprop=\"datePublished\" datetime=\"2019-05-03T12:58:52+03:00\" >2025-11-30 16:34:31<\/span><span class='av-structured-data'  itemprop=\"dateModified\" itemtype=\"https:\/\/schema.org\/dateModified\" >2025-11-30 16:35:41<\/span><span class='av-structured-data'  itemprop=\"mainEntityOfPage\" itemtype=\"https:\/\/schema.org\/mainEntityOfPage\" ><span itemprop='name'>Lecture for Swiss Philhellenism in Basel<\/span><\/span><\/span><\/article><\/div><div class=\"slide-entry-wrap\"><article class='slide-entry flex_column  post-entry post-entry-22041 slide-entry-overview slide-loop-7 slide-parity-odd  av_one_third first real-thumbnail posttype-post post-format-standard'  itemscope=\"itemscope\" itemtype=\"https:\/\/schema.org\/CreativeWork\" ><a href='https:\/\/www.eefshp.org\/en\/invitation-to-a-lecture-paia\/' data-rel='slide-1' class='slide-image' title='Invitation to a Lecture &#8211; PAIA'><img decoding=\"async\" fetchpriority=\"high\" width=\"495\" height=\"400\" src=\"https:\/\/www.eefshp.org\/wp-content\/uploads\/2025\/11\/PAIA-ProfKalinowska-495x400.png\" class=\"wp-image-22036 avia-img-lazy-loading-not-22036 attachment-portfolio size-portfolio wp-post-image\" alt=\"\" \/><\/a><div class=\"slide-content\"><header class=\"entry-content-header\" aria-label=\"Slide: Invitation to a Lecture - PAIA\"><h3 class='slide-entry-title entry-title '  itemprop=\"headline\" ><a href='https:\/\/www.eefshp.org\/en\/invitation-to-a-lecture-paia\/' title='Invitation to a Lecture &#8211; PAIA'>Invitation to a Lecture &#8211; PAIA<\/a><\/h3><span class=\"blog-categories minor-meta\"><a href=\"https:\/\/www.eefshp.org\/en\/category\/news\/\" rel=\"tag\">News<\/a> <\/span><span class=\"av-vertical-delimiter\"><\/span><\/header><div class='slide-entry-excerpt entry-content'  itemprop=\"text\" >\r\n\r\n&nbsp;\r\n\r\n&nbsp;\r\n\r\n\r\n\r\n\r\n\r\nINVITATION\r\nThe Polish Archaeological Institute at Athens cordially invites you to\u00a0a\u00a0lecture by\u00a0Prof. Maria Kalinowska \u2013 Faculty of \u201cArtes Liberales\u201d of the University of Warsaw\r\nKonstantinos Kanaris\u2026<\/div><\/div><footer class=\"entry-footer\"><div class=\"slide-meta\"><time class='slide-meta-time updated'  itemprop=\"datePublished\" datetime=\"2025-11-27T13:58:29+02:00\" >27 November 2025<\/time><\/div><\/footer><span class='hidden'>\n\t\t\t\t<span class='av-structured-data'  itemprop=\"image\" itemscope=\"itemscope\" itemtype=\"https:\/\/schema.org\/ImageObject\" >\n\t\t\t\t\t\t<span itemprop='url'>https:\/\/www.eefshp.org\/wp-content\/uploads\/2025\/11\/PAIA-ProfKalinowska.png<\/span>\n\t\t\t\t\t\t<span itemprop='height'>419<\/span>\n\t\t\t\t\t\t<span itemprop='width'>947<\/span>\n\t\t\t\t<\/span>\n\t\t\t\t<span class='av-structured-data'  itemprop=\"publisher\" itemtype=\"https:\/\/schema.org\/Organization\" itemscope=\"itemscope\" >\n\t\t\t\t\t\t<span itemprop='name'>elpiniki<\/span>\n\t\t\t\t\t\t<span itemprop='logo' itemscope itemtype='https:\/\/schema.org\/ImageObject'>\n\t\t\t\t\t\t\t<span itemprop='url'>https:\/\/www.eefshp.org\/wp-content\/uploads\/2019\/05\/logo_eefshp_svg_EN.svg<\/span>\n\t\t\t\t\t\t<\/span>\n\t\t\t\t<\/span><span class='av-structured-data'  itemprop=\"author\" itemscope=\"itemscope\" itemtype=\"https:\/\/schema.org\/Person\" ><span itemprop='name'>elpiniki<\/span><\/span><span class='av-structured-data'  itemprop=\"datePublished\" datetime=\"2019-05-03T12:58:52+03:00\" >2025-11-27 13:58:29<\/span><span class='av-structured-data'  itemprop=\"dateModified\" itemtype=\"https:\/\/schema.org\/dateModified\" >2025-11-27 14:05:13<\/span><span class='av-structured-data'  itemprop=\"mainEntityOfPage\" itemtype=\"https:\/\/schema.org\/mainEntityOfPage\" ><span itemprop='name'>Invitation to a Lecture &#8211; PAIA<\/span><\/span><\/span><\/article><article class='slide-entry flex_column  post-entry post-entry-21980 slide-entry-overview slide-loop-8 slide-parity-even  av_one_third  real-thumbnail posttype-post post-format-standard'  itemscope=\"itemscope\" itemtype=\"https:\/\/schema.org\/CreativeWork\" ><a href='https:\/\/www.eefshp.org\/en\/francois-de-callatay-awarded-the-lord-byron-philhellenism-medal-2025\/' data-rel='slide-1' class='slide-image' title='Fran\u00e7ois de Callata\u00ff, awarded the Lord Byron Philhellenism Medal 2025'><img decoding=\"async\" fetchpriority=\"high\" width=\"300\" height=\"298\" src=\"https:\/\/www.eefshp.org\/wp-content\/uploads\/2025\/11\/Fran\u00e7ois_de_Callatay_2022.png\" class=\"wp-image-21977 avia-img-lazy-loading-not-21977 attachment-portfolio size-portfolio wp-post-image\" alt=\"\" srcset=\"https:\/\/www.eefshp.org\/wp-content\/uploads\/2025\/11\/Fran\u00e7ois_de_Callatay_2022.png 300w, https:\/\/www.eefshp.org\/wp-content\/uploads\/2025\/11\/Fran\u00e7ois_de_Callatay_2022-80x80.png 80w, https:\/\/www.eefshp.org\/wp-content\/uploads\/2025\/11\/Fran\u00e7ois_de_Callatay_2022-36x36.png 36w, https:\/\/www.eefshp.org\/wp-content\/uploads\/2025\/11\/Fran\u00e7ois_de_Callatay_2022-180x180.png 180w, https:\/\/www.eefshp.org\/wp-content\/uploads\/2025\/11\/Fran\u00e7ois_de_Callatay_2022-120x120.png 120w, https:\/\/www.eefshp.org\/wp-content\/uploads\/2025\/11\/Fran\u00e7ois_de_Callatay_2022-100x100.png 100w\" sizes=\"(max-width: 300px) 100vw, 300px\" \/><\/a><div class=\"slide-content\"><header class=\"entry-content-header\" aria-label=\"Slide: Fran\u00e7ois de Callata\u00ff, awarded the Lord Byron Philhellenism Medal 2025\"><h3 class='slide-entry-title entry-title '  itemprop=\"headline\" ><a href='https:\/\/www.eefshp.org\/en\/francois-de-callatay-awarded-the-lord-byron-philhellenism-medal-2025\/' title='Fran\u00e7ois de Callata\u00ff, awarded the Lord Byron Philhellenism Medal 2025'>Fran\u00e7ois de Callata\u00ff, awarded the Lord Byron Philhellenism Medal 2025<\/a><\/h3><span class=\"blog-categories minor-meta\"><a href=\"https:\/\/www.eefshp.org\/en\/category\/news\/\" rel=\"tag\">News<\/a> <\/span><span class=\"av-vertical-delimiter\"><\/span><\/header><div class='slide-entry-excerpt entry-content'  itemprop=\"text\" >\r\n\r\n&nbsp;\r\n\r\nAward\u00a0of\u00a0the\u00a0LORD\u00a0BYRON\u00a0Medal\u00a02025\r\n\r\nLaureate:\u00a0\u00a0Fran\u00e7ois\u00a0de\u00a0Callata\u00ff\u00a0\r\n\r\n&nbsp;\r\n\r\nThe distinction of the Lord Byron Medal is an initiative of the Society for Hellenism and Philhellenism since 2021 and in collaboration\u2026<\/div><\/div><footer class=\"entry-footer\"><div class=\"slide-meta\"><time class='slide-meta-time updated'  itemprop=\"datePublished\" datetime=\"2025-11-01T18:41:16+02:00\" >1 November 2025<\/time><\/div><\/footer><span class='hidden'>\n\t\t\t\t<span class='av-structured-data'  itemprop=\"image\" itemscope=\"itemscope\" itemtype=\"https:\/\/schema.org\/ImageObject\" >\n\t\t\t\t\t\t<span itemprop='url'>https:\/\/www.eefshp.org\/wp-content\/uploads\/2025\/11\/Fran\u00e7ois_de_Callatay_2022.png<\/span>\n\t\t\t\t\t\t<span itemprop='height'>298<\/span>\n\t\t\t\t\t\t<span itemprop='width'>300<\/span>\n\t\t\t\t<\/span>\n\t\t\t\t<span class='av-structured-data'  itemprop=\"publisher\" itemtype=\"https:\/\/schema.org\/Organization\" itemscope=\"itemscope\" >\n\t\t\t\t\t\t<span itemprop='name'>elpiniki<\/span>\n\t\t\t\t\t\t<span itemprop='logo' itemscope itemtype='https:\/\/schema.org\/ImageObject'>\n\t\t\t\t\t\t\t<span itemprop='url'>https:\/\/www.eefshp.org\/wp-content\/uploads\/2019\/05\/logo_eefshp_svg_EN.svg<\/span>\n\t\t\t\t\t\t<\/span>\n\t\t\t\t<\/span><span class='av-structured-data'  itemprop=\"author\" itemscope=\"itemscope\" itemtype=\"https:\/\/schema.org\/Person\" ><span itemprop='name'>elpiniki<\/span><\/span><span class='av-structured-data'  itemprop=\"datePublished\" datetime=\"2019-05-03T12:58:52+03:00\" >2025-11-01 18:41:16<\/span><span class='av-structured-data'  itemprop=\"dateModified\" itemtype=\"https:\/\/schema.org\/dateModified\" >2025-11-01 21:42:33<\/span><span class='av-structured-data'  itemprop=\"mainEntityOfPage\" itemtype=\"https:\/\/schema.org\/mainEntityOfPage\" ><span itemprop='name'>Fran\u00e7ois de Callata\u00ff, awarded the Lord Byron Philhellenism Medal 2025<\/span><\/span><\/span><\/article><article class='slide-entry flex_column  post-entry post-entry-21970 slide-entry-overview slide-loop-9 slide-parity-odd  av_one_third  real-thumbnail posttype-post post-format-standard'  itemscope=\"itemscope\" itemtype=\"https:\/\/schema.org\/CreativeWork\" ><a href='https:\/\/www.eefshp.org\/en\/event-at-the-french-school-of-athens-friday-31-10-2025-at-12-00-noon\/' data-rel='slide-1' class='slide-image' title='Event at the French School of Athens, Friday 31\/10\/2025 at 12.00 noon'><img decoding=\"async\" fetchpriority=\"high\" width=\"495\" height=\"400\" src=\"https:\/\/www.eefshp.org\/wp-content\/uploads\/2025\/10\/2025-10-31-CALLATAY-scaled-495x400.jpg\" class=\"wp-image-21966 avia-img-lazy-loading-not-21966 attachment-portfolio size-portfolio wp-post-image\" alt=\"\" srcset=\"https:\/\/www.eefshp.org\/wp-content\/uploads\/2025\/10\/2025-10-31-CALLATAY-scaled-495x400.jpg 495w, https:\/\/www.eefshp.org\/wp-content\/uploads\/2025\/10\/2025-10-31-CALLATAY-scaled-845x684.jpg 845w\" sizes=\"(max-width: 495px) 100vw, 495px\" \/><\/a><div class=\"slide-content\"><header class=\"entry-content-header\" aria-label=\"Slide: Event at the French School of Athens, Friday 31\/10\/2025 at 12.00 noon\"><h3 class='slide-entry-title entry-title '  itemprop=\"headline\" ><a href='https:\/\/www.eefshp.org\/en\/event-at-the-french-school-of-athens-friday-31-10-2025-at-12-00-noon\/' title='Event at the French School of Athens, Friday 31\/10\/2025 at 12.00 noon'>Event at the French School of Athens, Friday 31\/10\/2025 at 12.00 noon<\/a><\/h3><span class=\"blog-categories minor-meta\"><a href=\"https:\/\/www.eefshp.org\/en\/category\/news\/\" rel=\"tag\">News<\/a> <\/span><span class=\"av-vertical-delimiter\"><\/span><\/header><div class='slide-entry-excerpt entry-content'  itemprop=\"text\" >\r\n\r\n&nbsp;\r\n\r\nEvent at the French School of Athens\r\n\r\nFriday 31\/10\/2025 at 12.00 noon\r\n\r\nConference Hall, 6 Didotou str., 10680 Athens\r\n\r\n&nbsp;\r\n\r\nFran\u00e7ois de Callata\u00ff\r\n\r\nRoyal Library of Belgium \/ Free University of Brussels\r\n\r\n&nbsp;\r\n\r\nTHE\u2026<\/div><\/div><footer class=\"entry-footer\"><div class=\"slide-meta\"><time class='slide-meta-time updated'  itemprop=\"datePublished\" datetime=\"2025-10-24T13:42:36+03:00\" >24 October 2025<\/time><\/div><\/footer><span class='hidden'>\n\t\t\t\t<span class='av-structured-data'  itemprop=\"image\" itemscope=\"itemscope\" itemtype=\"https:\/\/schema.org\/ImageObject\" >\n\t\t\t\t\t\t<span itemprop='url'>https:\/\/www.eefshp.org\/wp-content\/uploads\/2025\/10\/2025-10-31-CALLATAY-scaled.jpg<\/span>\n\t\t\t\t\t\t<span itemprop='height'>1920<\/span>\n\t\t\t\t\t\t<span itemprop='width'>1358<\/span>\n\t\t\t\t<\/span>\n\t\t\t\t<span class='av-structured-data'  itemprop=\"publisher\" itemtype=\"https:\/\/schema.org\/Organization\" itemscope=\"itemscope\" >\n\t\t\t\t\t\t<span itemprop='name'>elpiniki<\/span>\n\t\t\t\t\t\t<span itemprop='logo' itemscope itemtype='https:\/\/schema.org\/ImageObject'>\n\t\t\t\t\t\t\t<span itemprop='url'>https:\/\/www.eefshp.org\/wp-content\/uploads\/2019\/05\/logo_eefshp_svg_EN.svg<\/span>\n\t\t\t\t\t\t<\/span>\n\t\t\t\t<\/span><span class='av-structured-data'  itemprop=\"author\" itemscope=\"itemscope\" itemtype=\"https:\/\/schema.org\/Person\" ><span itemprop='name'>elpiniki<\/span><\/span><span class='av-structured-data'  itemprop=\"datePublished\" datetime=\"2019-05-03T12:58:52+03:00\" >2025-10-24 13:42:36<\/span><span class='av-structured-data'  itemprop=\"dateModified\" itemtype=\"https:\/\/schema.org\/dateModified\" >2025-10-24 13:44:27<\/span><span class='av-structured-data'  itemprop=\"mainEntityOfPage\" itemtype=\"https:\/\/schema.org\/mainEntityOfPage\" ><span itemprop='name'>Event at the French School of Athens, Friday 31\/10\/2025 at 12.00 noon<\/span><\/span><\/span><\/article><\/div><div class=\"slide-entry-wrap\"><article class='slide-entry flex_column  post-entry post-entry-21943 slide-entry-overview slide-loop-10 slide-parity-odd  av_one_third first real-thumbnail posttype-post post-format-standard'  itemscope=\"itemscope\" itemtype=\"https:\/\/schema.org\/CreativeWork\" ><a href='https:\/\/www.eefshp.org\/en\/naval-battle-of-navarino-a-decisive-victory-for-modern-greece\/' data-rel='slide-1' class='slide-image' title='Naval Battle of Navarino, a decisive victory for modern Greece'><img decoding=\"async\" fetchpriority=\"high\" width=\"495\" height=\"400\" src=\"https:\/\/www.eefshp.org\/wp-content\/uploads\/2025\/10\/NavarinoSPHPhoto-495x400.jpg\" class=\"wp-image-21948 avia-img-lazy-loading-not-21948 attachment-portfolio size-portfolio wp-post-image\" alt=\"\" srcset=\"https:\/\/www.eefshp.org\/wp-content\/uploads\/2025\/10\/NavarinoSPHPhoto-495x400.jpg 495w, https:\/\/www.eefshp.org\/wp-content\/uploads\/2025\/10\/NavarinoSPHPhoto-845x684.jpg 845w\" sizes=\"(max-width: 495px) 100vw, 495px\" \/><\/a><div class=\"slide-content\"><header class=\"entry-content-header\" aria-label=\"Slide: Naval Battle of Navarino, a decisive victory for modern Greece\"><h3 class='slide-entry-title entry-title '  itemprop=\"headline\" ><a href='https:\/\/www.eefshp.org\/en\/naval-battle-of-navarino-a-decisive-victory-for-modern-greece\/' title='Naval Battle of Navarino, a decisive victory for modern Greece'>Naval Battle of Navarino, a decisive victory for modern Greece<\/a><\/h3><span class=\"blog-categories minor-meta\"><a href=\"https:\/\/www.eefshp.org\/en\/category\/news\/\" rel=\"tag\">News<\/a>, <a href=\"https:\/\/www.eefshp.org\/category\/nea\/\" rel=\"tag\">\u039d\u03ad\u03b1<\/a> <\/span><span class=\"av-vertical-delimiter\"><\/span><\/header><div class='slide-entry-excerpt entry-content'  itemprop=\"text\" >\r\n\r\n&nbsp;\r\n\r\nAt noon on October 20th, 1827, in the bay of Navarino, in the bay of Pylos in the Western Peloponnese, one of the largest natural harbors in the world, one of the most brilliant victories of the Greek War of Independence and the\u2026<\/div><\/div><footer class=\"entry-footer\"><div class=\"slide-meta\"><time class='slide-meta-time updated'  itemprop=\"datePublished\" datetime=\"2025-10-20T14:09:11+03:00\" >20 October 2025<\/time><\/div><\/footer><span class='hidden'>\n\t\t\t\t<span class='av-structured-data'  itemprop=\"image\" itemscope=\"itemscope\" itemtype=\"https:\/\/schema.org\/ImageObject\" >\n\t\t\t\t\t\t<span itemprop='url'>https:\/\/www.eefshp.org\/wp-content\/uploads\/2025\/10\/NavarinoSPHPhoto.jpg<\/span>\n\t\t\t\t\t\t<span itemprop='height'>755<\/span>\n\t\t\t\t\t\t<span itemprop='width'>1200<\/span>\n\t\t\t\t<\/span>\n\t\t\t\t<span class='av-structured-data'  itemprop=\"publisher\" itemtype=\"https:\/\/schema.org\/Organization\" itemscope=\"itemscope\" >\n\t\t\t\t\t\t<span itemprop='name'>elpiniki<\/span>\n\t\t\t\t\t\t<span itemprop='logo' itemscope itemtype='https:\/\/schema.org\/ImageObject'>\n\t\t\t\t\t\t\t<span itemprop='url'>https:\/\/www.eefshp.org\/wp-content\/uploads\/2019\/05\/logo_eefshp_svg_EN.svg<\/span>\n\t\t\t\t\t\t<\/span>\n\t\t\t\t<\/span><span class='av-structured-data'  itemprop=\"author\" itemscope=\"itemscope\" itemtype=\"https:\/\/schema.org\/Person\" ><span itemprop='name'>elpiniki<\/span><\/span><span class='av-structured-data'  itemprop=\"datePublished\" datetime=\"2019-05-03T12:58:52+03:00\" >2025-10-20 14:09:11<\/span><span class='av-structured-data'  itemprop=\"dateModified\" itemtype=\"https:\/\/schema.org\/dateModified\" >2025-10-20 14:09:11<\/span><span class='av-structured-data'  itemprop=\"mainEntityOfPage\" itemtype=\"https:\/\/schema.org\/mainEntityOfPage\" ><span itemprop='name'>Naval Battle of Navarino, a decisive victory for modern Greece<\/span><\/span><\/span><\/article><article class='slide-entry flex_column  post-entry post-entry-21926 slide-entry-overview slide-loop-11 slide-parity-even  av_one_third  real-thumbnail posttype-post post-format-standard'  itemscope=\"itemscope\" itemtype=\"https:\/\/schema.org\/CreativeWork\" ><a href='https:\/\/www.eefshp.org\/en\/conference-the-french-scientific-mission-of-morea-today-discovering-the-peloponnese\/' data-rel='slide-1' class='slide-image' title='Conference: The French Scientific Mission of Morea today \u2013 Discovering the Peloponnese'><img decoding=\"async\" fetchpriority=\"high\" width=\"495\" height=\"400\" src=\"https:\/\/www.eefshp.org\/wp-content\/uploads\/2025\/10\/IFA_PostBanner_1-495x400.jpg\" class=\"wp-image-21914 avia-img-lazy-loading-not-21914 attachment-portfolio size-portfolio wp-post-image\" alt=\"\" srcset=\"https:\/\/www.eefshp.org\/wp-content\/uploads\/2025\/10\/IFA_PostBanner_1-495x400.jpg 495w, https:\/\/www.eefshp.org\/wp-content\/uploads\/2025\/10\/IFA_PostBanner_1-845x684.jpg 845w\" sizes=\"(max-width: 495px) 100vw, 495px\" \/><\/a><div class=\"slide-content\"><header class=\"entry-content-header\" aria-label=\"Slide: Conference: The French Scientific Mission of Morea today \u2013 Discovering the Peloponnese\"><h3 class='slide-entry-title entry-title '  itemprop=\"headline\" ><a href='https:\/\/www.eefshp.org\/en\/conference-the-french-scientific-mission-of-morea-today-discovering-the-peloponnese\/' title='Conference: The French Scientific Mission of Morea today \u2013 Discovering the Peloponnese'>Conference: The French Scientific Mission of Morea today \u2013 Discovering the Peloponnese<\/a><\/h3><span class=\"blog-categories minor-meta\"><a href=\"https:\/\/www.eefshp.org\/en\/category\/news\/\" rel=\"tag\">News<\/a> <\/span><span class=\"av-vertical-delimiter\"><\/span><\/header><div class='slide-entry-excerpt entry-content'  itemprop=\"text\" >\r\n*Under the auspices of H.E. the President of the Hellenic Republic Mr. Konstantinos An. Tassoulas\r\n*In collaboration with the Hellenic Parliament\r\n&nbsp;\r\nDate: 10 October 2025\r\nHours: 09:00 \u2013 19:00\r\n\r\n\r\n\r\n\r\n\r\nVenue: Auditorium Theo Angelopoulos\u2026<\/div><\/div><footer class=\"entry-footer\"><div class=\"slide-meta\"><time class='slide-meta-time updated'  itemprop=\"datePublished\" datetime=\"2025-10-03T18:31:34+03:00\" >3 October 2025<\/time><\/div><\/footer><span class='hidden'>\n\t\t\t\t<span class='av-structured-data'  itemprop=\"image\" itemscope=\"itemscope\" itemtype=\"https:\/\/schema.org\/ImageObject\" >\n\t\t\t\t\t\t<span itemprop='url'>https:\/\/www.eefshp.org\/wp-content\/uploads\/2025\/10\/IFA_PostBanner_1.jpg<\/span>\n\t\t\t\t\t\t<span itemprop='height'>781<\/span>\n\t\t\t\t\t\t<span itemprop='width'>1000<\/span>\n\t\t\t\t<\/span>\n\t\t\t\t<span class='av-structured-data'  itemprop=\"publisher\" itemtype=\"https:\/\/schema.org\/Organization\" itemscope=\"itemscope\" >\n\t\t\t\t\t\t<span itemprop='name'>elpiniki<\/span>\n\t\t\t\t\t\t<span itemprop='logo' itemscope itemtype='https:\/\/schema.org\/ImageObject'>\n\t\t\t\t\t\t\t<span itemprop='url'>https:\/\/www.eefshp.org\/wp-content\/uploads\/2019\/05\/logo_eefshp_svg_EN.svg<\/span>\n\t\t\t\t\t\t<\/span>\n\t\t\t\t<\/span><span class='av-structured-data'  itemprop=\"author\" itemscope=\"itemscope\" itemtype=\"https:\/\/schema.org\/Person\" ><span itemprop='name'>elpiniki<\/span><\/span><span class='av-structured-data'  itemprop=\"datePublished\" datetime=\"2019-05-03T12:58:52+03:00\" >2025-10-03 18:31:34<\/span><span class='av-structured-data'  itemprop=\"dateModified\" itemtype=\"https:\/\/schema.org\/dateModified\" >2025-10-03 18:35:22<\/span><span class='av-structured-data'  itemprop=\"mainEntityOfPage\" itemtype=\"https:\/\/schema.org\/mainEntityOfPage\" ><span itemprop='name'>Conference: The French Scientific Mission of Morea today \u2013 Discovering the Peloponnese<\/span><\/span><\/span><\/article><article class='slide-entry flex_column  post-entry post-entry-21254 slide-entry-overview slide-loop-12 slide-parity-odd  av_one_third  real-thumbnail posttype-post post-format-standard'  itemscope=\"itemscope\" itemtype=\"https:\/\/schema.org\/CreativeWork\" ><a href='https:\/\/www.eefshp.org\/en\/october-10-2024-21-00-concert-for-lord-byron-and-the-philhellenes-at-the-herodeion\/' data-rel='slide-1' class='slide-image' title='October 10, 2024, 21.00 \u2013 Concert for Lord Byron and the Philhellenes at the Herodeion'><img decoding=\"async\" fetchpriority=\"high\" width=\"495\" height=\"400\" src=\"https:\/\/www.eefshp.org\/wp-content\/uploads\/2024\/10\/LB_Herodeion_8-495x400.jpg\" class=\"wp-image-21246 avia-img-lazy-loading-not-21246 attachment-portfolio size-portfolio wp-post-image\" alt=\"\" \/><\/a><div class=\"slide-content\"><header class=\"entry-content-header\" aria-label=\"Slide: October 10, 2024, 21.00 \u2013 Concert for Lord Byron and the Philhellenes at the Herodeion\"><h3 class='slide-entry-title entry-title '  itemprop=\"headline\" ><a href='https:\/\/www.eefshp.org\/en\/october-10-2024-21-00-concert-for-lord-byron-and-the-philhellenes-at-the-herodeion\/' title='October 10, 2024, 21.00 \u2013 Concert for Lord Byron and the Philhellenes at the Herodeion'>October 10, 2024, 21.00 \u2013 Concert for Lord Byron and the Philhellenes at the Herodeion<\/a><\/h3><span class=\"blog-categories minor-meta\"><a href=\"https:\/\/www.eefshp.org\/en\/category\/news\/\" rel=\"tag\">News<\/a> <\/span><span class=\"av-vertical-delimiter\"><\/span><\/header><div class='slide-entry-excerpt entry-content'  itemprop=\"text\" >\r\n\r\n&nbsp;\r\n\r\nWith particular success and great emotion, in a packed Herodeion, on October 10, 2024, the big concert of the Society for Hellenism and Philhellenism (SHP) and the Philhellenism Museum took place, in the presence of the political\u2026<\/div><\/div><footer class=\"entry-footer\"><div class=\"slide-meta\"><time class='slide-meta-time updated'  itemprop=\"datePublished\" datetime=\"2024-10-11T15:55:37+03:00\" >11 October 2024<\/time><\/div><\/footer><span class='hidden'>\n\t\t\t\t<span class='av-structured-data'  itemprop=\"image\" itemscope=\"itemscope\" itemtype=\"https:\/\/schema.org\/ImageObject\" >\n\t\t\t\t\t\t<span itemprop='url'>https:\/\/www.eefshp.org\/wp-content\/uploads\/2024\/10\/LB_Herodeion_8.jpg<\/span>\n\t\t\t\t\t\t<span itemprop='height'>533<\/span>\n\t\t\t\t\t\t<span itemprop='width'>800<\/span>\n\t\t\t\t<\/span>\n\t\t\t\t<span class='av-structured-data'  itemprop=\"publisher\" itemtype=\"https:\/\/schema.org\/Organization\" itemscope=\"itemscope\" >\n\t\t\t\t\t\t<span itemprop='name'>Admin<\/span>\n\t\t\t\t\t\t<span itemprop='logo' itemscope itemtype='https:\/\/schema.org\/ImageObject'>\n\t\t\t\t\t\t\t<span itemprop='url'>https:\/\/www.eefshp.org\/wp-content\/uploads\/2019\/05\/logo_eefshp_svg_EN.svg<\/span>\n\t\t\t\t\t\t<\/span>\n\t\t\t\t<\/span><span class='av-structured-data'  itemprop=\"author\" itemscope=\"itemscope\" itemtype=\"https:\/\/schema.org\/Person\" ><span itemprop='name'>Admin<\/span><\/span><span class='av-structured-data'  itemprop=\"datePublished\" datetime=\"2019-05-03T12:58:52+03:00\" >2024-10-11 15:55:37<\/span><span class='av-structured-data'  itemprop=\"dateModified\" itemtype=\"https:\/\/schema.org\/dateModified\" >2024-10-11 15:55:37<\/span><span class='av-structured-data'  itemprop=\"mainEntityOfPage\" itemtype=\"https:\/\/schema.org\/mainEntityOfPage\" ><span itemprop='name'>October 10, 2024, 21.00 \u2013 Concert for Lord Byron and the Philhellenes at the Herodeion<\/span><\/span><\/span><\/article><\/div><div class=\"slide-entry-wrap\"><article class='slide-entry flex_column  post-entry post-entry-21144 slide-entry-overview slide-loop-13 slide-parity-odd  av_one_third first real-thumbnail posttype-post post-format-standard'  itemscope=\"itemscope\" itemtype=\"https:\/\/schema.org\/CreativeWork\" ><a href='https:\/\/www.eefshp.org\/en\/thursday-october-10-2024-concert-at-the-herodeion-odeon\/' data-rel='slide-1' class='slide-image' title='Thursday, October 10, 2024, concert at the Herodeion Odeon'><img decoding=\"async\" fetchpriority=\"high\" width=\"495\" height=\"400\" src=\"https:\/\/www.eefshp.org\/wp-content\/uploads\/2024\/10\/Ellines_6a-495x400.jpg\" class=\"wp-image-21215 avia-img-lazy-loading-not-21215 attachment-portfolio size-portfolio wp-post-image\" alt=\"\" srcset=\"https:\/\/www.eefshp.org\/wp-content\/uploads\/2024\/10\/Ellines_6a-495x400.jpg 495w, https:\/\/www.eefshp.org\/wp-content\/uploads\/2024\/10\/Ellines_6a-845x684.jpg 845w\" sizes=\"(max-width: 495px) 100vw, 495px\" \/><\/a><div class=\"slide-content\"><header class=\"entry-content-header\" aria-label=\"Slide: Thursday, October 10, 2024, concert at the Herodeion Odeon\"><h3 class='slide-entry-title entry-title '  itemprop=\"headline\" ><a href='https:\/\/www.eefshp.org\/en\/thursday-october-10-2024-concert-at-the-herodeion-odeon\/' title='Thursday, October 10, 2024, concert at the Herodeion Odeon'>Thursday, October 10, 2024, concert at the Herodeion Odeon<\/a><\/h3><span class=\"blog-categories minor-meta\"><a href=\"https:\/\/www.eefshp.org\/en\/category\/news\/\" rel=\"tag\">News<\/a> <\/span><span class=\"av-vertical-delimiter\"><\/span><\/header><div class='slide-entry-excerpt entry-content'  itemprop=\"text\" >&nbsp;\r\n\r\n\r\n\r\n&nbsp;\r\n\r\nPHILHELLENES\r\n\r\nTribute to Lord Byron and the Philhellenes\r\n\r\nDistinguished artists honour the \u201cYear of Lord Byron and Philhellenism\u201d, through works of great Greek and Philhellenes poets.\r\n\r\nUnder the Sacred Rock\u2026<\/div><\/div><footer class=\"entry-footer\"><div class=\"slide-meta\"><time class='slide-meta-time updated'  itemprop=\"datePublished\" datetime=\"2024-08-09T18:42:49+03:00\" >9 August 2024<\/time><\/div><\/footer><span class='hidden'>\n\t\t\t\t<span class='av-structured-data'  itemprop=\"image\" itemscope=\"itemscope\" itemtype=\"https:\/\/schema.org\/ImageObject\" >\n\t\t\t\t\t\t<span itemprop='url'>https:\/\/www.eefshp.org\/wp-content\/uploads\/2024\/10\/Ellines_6a.jpg<\/span>\n\t\t\t\t\t\t<span itemprop='height'>1920<\/span>\n\t\t\t\t\t\t<span itemprop='width'>1355<\/span>\n\t\t\t\t<\/span>\n\t\t\t\t<span class='av-structured-data'  itemprop=\"publisher\" itemtype=\"https:\/\/schema.org\/Organization\" itemscope=\"itemscope\" >\n\t\t\t\t\t\t<span itemprop='name'>Admin<\/span>\n\t\t\t\t\t\t<span itemprop='logo' itemscope itemtype='https:\/\/schema.org\/ImageObject'>\n\t\t\t\t\t\t\t<span itemprop='url'>https:\/\/www.eefshp.org\/wp-content\/uploads\/2019\/05\/logo_eefshp_svg_EN.svg<\/span>\n\t\t\t\t\t\t<\/span>\n\t\t\t\t<\/span><span class='av-structured-data'  itemprop=\"author\" itemscope=\"itemscope\" itemtype=\"https:\/\/schema.org\/Person\" ><span itemprop='name'>Admin<\/span><\/span><span class='av-structured-data'  itemprop=\"datePublished\" datetime=\"2019-05-03T12:58:52+03:00\" >2024-08-09 18:42:49<\/span><span class='av-structured-data'  itemprop=\"dateModified\" itemtype=\"https:\/\/schema.org\/dateModified\" >2024-10-04 21:02:34<\/span><span class='av-structured-data'  itemprop=\"mainEntityOfPage\" itemtype=\"https:\/\/schema.org\/mainEntityOfPage\" ><span itemprop='name'>Thursday, October 10, 2024, concert at the Herodeion Odeon<\/span><\/span><\/span><\/article><article class='slide-entry flex_column  post-entry post-entry-21097 slide-entry-overview slide-loop-14 slide-parity-even  av_one_third  real-thumbnail posttype-post post-format-standard'  itemscope=\"itemscope\" itemtype=\"https:\/\/schema.org\/CreativeWork\" ><a href='https:\/\/www.eefshp.org\/en\/exhibition-opening-50-greek-artists-dedicate-works-of-contemporary-art-to-lord-byron-at-the-war-museum\/' data-rel='slide-1' class='slide-image' title='Exhibition opening: 50 Greek artists dedicate works of contemporary art to Lord Byron at the War Museum'><img decoding=\"async\" fetchpriority=\"high\" width=\"495\" height=\"400\" src=\"https:\/\/www.eefshp.org\/wp-content\/uploads\/2024\/07\/Philhellenism-Museum-Exhibition-1-495x400.jpg\" class=\"wp-image-21083 avia-img-lazy-loading-not-21083 attachment-portfolio size-portfolio wp-post-image\" alt=\"\" srcset=\"https:\/\/www.eefshp.org\/wp-content\/uploads\/2024\/07\/Philhellenism-Museum-Exhibition-1-495x400.jpg 495w, https:\/\/www.eefshp.org\/wp-content\/uploads\/2024\/07\/Philhellenism-Museum-Exhibition-1-845x684.jpg 845w\" sizes=\"(max-width: 495px) 100vw, 495px\" \/><\/a><div class=\"slide-content\"><header class=\"entry-content-header\" aria-label=\"Slide: Exhibition opening: 50 Greek artists dedicate works of contemporary art to Lord Byron at the War Museum\"><h3 class='slide-entry-title entry-title '  itemprop=\"headline\" ><a href='https:\/\/www.eefshp.org\/en\/exhibition-opening-50-greek-artists-dedicate-works-of-contemporary-art-to-lord-byron-at-the-war-museum\/' title='Exhibition opening: 50 Greek artists dedicate works of contemporary art to Lord Byron at the War Museum'>Exhibition opening: 50 Greek artists dedicate works of contemporary art to Lord Byron at the War Museum<\/a><\/h3><span class=\"blog-categories minor-meta\"><a href=\"https:\/\/www.eefshp.org\/en\/category\/news\/\" rel=\"tag\">News<\/a> <\/span><span class=\"av-vertical-delimiter\"><\/span><\/header><div class='slide-entry-excerpt entry-content'  itemprop=\"text\" >&nbsp;\r\n\r\n\r\n\r\n&nbsp;\r\n\r\nThe Philhellenism Museum and the War Museum, in the context of the year \"2024, Year of Lord Byron and Philhellenism\", inaugurated the group exhibition \"... Where the arts of war and peace grew...\", with the participation\u2026<\/div><\/div><footer class=\"entry-footer\"><div class=\"slide-meta\"><time class='slide-meta-time updated'  itemprop=\"datePublished\" datetime=\"2024-07-15T12:46:52+03:00\" >15 July 2024<\/time><\/div><\/footer><span class='hidden'>\n\t\t\t\t<span class='av-structured-data'  itemprop=\"image\" itemscope=\"itemscope\" itemtype=\"https:\/\/schema.org\/ImageObject\" >\n\t\t\t\t\t\t<span itemprop='url'>https:\/\/www.eefshp.org\/wp-content\/uploads\/2024\/07\/Philhellenism-Museum-Exhibition-1.jpg<\/span>\n\t\t\t\t\t\t<span itemprop='height'>1280<\/span>\n\t\t\t\t\t\t<span itemprop='width'>1920<\/span>\n\t\t\t\t<\/span>\n\t\t\t\t<span class='av-structured-data'  itemprop=\"publisher\" itemtype=\"https:\/\/schema.org\/Organization\" itemscope=\"itemscope\" >\n\t\t\t\t\t\t<span itemprop='name'>Admin<\/span>\n\t\t\t\t\t\t<span itemprop='logo' itemscope itemtype='https:\/\/schema.org\/ImageObject'>\n\t\t\t\t\t\t\t<span itemprop='url'>https:\/\/www.eefshp.org\/wp-content\/uploads\/2019\/05\/logo_eefshp_svg_EN.svg<\/span>\n\t\t\t\t\t\t<\/span>\n\t\t\t\t<\/span><span class='av-structured-data'  itemprop=\"author\" itemscope=\"itemscope\" itemtype=\"https:\/\/schema.org\/Person\" ><span itemprop='name'>Admin<\/span><\/span><span class='av-structured-data'  itemprop=\"datePublished\" datetime=\"2019-05-03T12:58:52+03:00\" >2024-07-15 12:46:52<\/span><span class='av-structured-data'  itemprop=\"dateModified\" itemtype=\"https:\/\/schema.org\/dateModified\" >2024-07-15 12:46:52<\/span><span class='av-structured-data'  itemprop=\"mainEntityOfPage\" itemtype=\"https:\/\/schema.org\/mainEntityOfPage\" ><span itemprop='name'>Exhibition opening: 50 Greek artists dedicate works of contemporary art to Lord Byron at the War Museum<\/span><\/span><\/span><\/article><article class='slide-entry flex_column  post-entry post-entry-21065 slide-entry-overview slide-loop-15 slide-parity-odd  post-entry-last  av_one_third  real-thumbnail posttype-post post-format-standard'  itemscope=\"itemscope\" itemtype=\"https:\/\/schema.org\/CreativeWork\" ><a href='https:\/\/www.eefshp.org\/en\/tribute-to-lord-byron-where-grew-the-arts-of-war-and-peace\/' data-rel='slide-1' class='slide-image' title='Tribute to Lord Byron:  \u201c\u2026Where grew the arts of war and peace\u2026\u201d'><img decoding=\"async\" fetchpriority=\"high\" width=\"431\" height=\"392\" src=\"https:\/\/www.eefshp.org\/wp-content\/uploads\/2024\/07\/Picture1.jpg\" class=\"wp-image-21059 avia-img-lazy-loading-not-21059 attachment-portfolio size-portfolio wp-post-image\" alt=\"\" srcset=\"https:\/\/www.eefshp.org\/wp-content\/uploads\/2024\/07\/Picture1.jpg 431w, https:\/\/www.eefshp.org\/wp-content\/uploads\/2024\/07\/Picture1-300x273.jpg 300w\" sizes=\"(max-width: 431px) 100vw, 431px\" \/><\/a><div class=\"slide-content\"><header class=\"entry-content-header\" aria-label=\"Slide: Tribute to Lord Byron:  \u201c\u2026Where grew the arts of war and peace\u2026\u201d\"><h3 class='slide-entry-title entry-title '  itemprop=\"headline\" ><a href='https:\/\/www.eefshp.org\/en\/tribute-to-lord-byron-where-grew-the-arts-of-war-and-peace\/' title='Tribute to Lord Byron:  \u201c\u2026Where grew the arts of war and peace\u2026\u201d'>Tribute to Lord Byron:  \u201c\u2026Where grew the arts of war and peace\u2026\u201d<\/a><\/h3><span class=\"blog-categories minor-meta\"><a href=\"https:\/\/www.eefshp.org\/en\/category\/news\/\" rel=\"tag\">News<\/a> <\/span><span class=\"av-vertical-delimiter\"><\/span><\/header><div class='slide-entry-excerpt entry-content'  itemprop=\"text\" >&nbsp;\r\n\r\n\r\n\r\n&nbsp;\r\n\r\nThe Philhellenism Museum and the War Museum, within the context of the year \"2024, Year of Lord Byron and Philhellenism\", are co-organizing an important group exhibition, with the participation of 50 Greek visual artists,\u2026<\/div><\/div><footer class=\"entry-footer\"><div class=\"slide-meta\"><time class='slide-meta-time updated'  itemprop=\"datePublished\" datetime=\"2024-07-04T14:14:46+03:00\" >4 July 2024<\/time><\/div><\/footer><span class='hidden'>\n\t\t\t\t<span class='av-structured-data'  itemprop=\"image\" itemscope=\"itemscope\" itemtype=\"https:\/\/schema.org\/ImageObject\" >\n\t\t\t\t\t\t<span itemprop='url'>https:\/\/www.eefshp.org\/wp-content\/uploads\/2024\/07\/Picture1.jpg<\/span>\n\t\t\t\t\t\t<span itemprop='height'>392<\/span>\n\t\t\t\t\t\t<span itemprop='width'>431<\/span>\n\t\t\t\t<\/span>\n\t\t\t\t<span class='av-structured-data'  itemprop=\"publisher\" itemtype=\"https:\/\/schema.org\/Organization\" itemscope=\"itemscope\" >\n\t\t\t\t\t\t<span itemprop='name'>Admin<\/span>\n\t\t\t\t\t\t<span itemprop='logo' itemscope itemtype='https:\/\/schema.org\/ImageObject'>\n\t\t\t\t\t\t\t<span itemprop='url'>https:\/\/www.eefshp.org\/wp-content\/uploads\/2019\/05\/logo_eefshp_svg_EN.svg<\/span>\n\t\t\t\t\t\t<\/span>\n\t\t\t\t<\/span><span class='av-structured-data'  itemprop=\"author\" itemscope=\"itemscope\" itemtype=\"https:\/\/schema.org\/Person\" ><span itemprop='name'>Admin<\/span><\/span><span class='av-structured-data'  itemprop=\"datePublished\" datetime=\"2019-05-03T12:58:52+03:00\" >2024-07-04 14:14:46<\/span><span class='av-structured-data'  itemprop=\"dateModified\" itemtype=\"https:\/\/schema.org\/dateModified\" >2024-07-04 20:43:58<\/span><span class='av-structured-data'  itemprop=\"mainEntityOfPage\" itemtype=\"https:\/\/schema.org\/mainEntityOfPage\" ><span itemprop='name'>Tribute to Lord Byron:  \u201c\u2026Where grew the arts of war and peace\u2026\u201d<\/span><\/span><\/span><\/article><\/div><\/div><div class='pagination-wrap pagination-slider'><nav class='pagination'><span class='pagination-meta'>Page 1 of 5<\/span><span class='current'>1<\/span><a href='https:\/\/www.eefshp.org\/en\/wp-json\/wp\/v2\/pages\/9553\/?avia-element-paging=2' class='inactive next_page' >2<\/a><a href='https:\/\/www.eefshp.org\/en\/wp-json\/wp\/v2\/pages\/9553\/?avia-element-paging=3' class='inactive' >3<\/a><a href='https:\/\/www.eefshp.org\/en\/wp-json\/wp\/v2\/pages\/9553\/?avia-element-paging=4' class='inactive' >4<\/a><a href='https:\/\/www.eefshp.org\/en\/wp-json\/wp\/v2\/pages\/9553\/?avia-element-paging=5' class='inactive' >5<\/a><\/nav>\n<\/div><\/div><\/p>\n","protected":false},"excerpt":{"rendered":"","protected":false},"author":10,"featured_media":0,"parent":9550,"menu_order":2,"comment_status":"closed","ping_status":"closed","template":"","meta":{"inline_featured_image":false,"_exactmetrics_skip_tracking":false,"_exactmetrics_sitenote_active":false,"_exactmetrics_sitenote_note":"","_exactmetrics_sitenote_category":0,"footnotes":""},"class_list":["post-9553","page","type-page","status-publish","hentry"],"yoast_head":"<!-- This site is optimized with the Yoast SEO plugin v27.5 - https:\/\/yoast.com\/product\/yoast-seo-wordpress\/ -->\n<title>News - \u0395\u03c4\u03b1\u03b9\u03c1\u03b5\u03af\u03b1 \u03b3\u03b9\u03b1 \u03c4\u03bf\u03bd \u0395\u03bb\u03bb\u03b7\u03bd\u03b9\u03c3\u03bc\u03cc \u03ba\u03b1\u03b9 \u03c4\u03bf\u03bd \u03a6\u03b9\u03bb\u03b5\u03bb\u03bb\u03b7\u03bd\u03b9\u03c3\u03bc\u03cc<\/title>\n<meta name=\"robots\" content=\"index, follow, max-snippet:-1, max-image-preview:large, max-video-preview:-1\" \/>\n<link rel=\"canonical\" href=\"https:\/\/www.eefshp.org\/en\/activities\/news\/\" \/>\n<meta property=\"og:locale\" content=\"en_US\" \/>\n<meta property=\"og:type\" content=\"article\" \/>\n<meta property=\"og:title\" content=\"News - \u0395\u03c4\u03b1\u03b9\u03c1\u03b5\u03af\u03b1 \u03b3\u03b9\u03b1 \u03c4\u03bf\u03bd \u0395\u03bb\u03bb\u03b7\u03bd\u03b9\u03c3\u03bc\u03cc \u03ba\u03b1\u03b9 \u03c4\u03bf\u03bd \u03a6\u03b9\u03bb\u03b5\u03bb\u03bb\u03b7\u03bd\u03b9\u03c3\u03bc\u03cc\" \/>\n<meta property=\"og:url\" content=\"https:\/\/www.eefshp.org\/en\/activities\/news\/\" \/>\n<meta property=\"og:site_name\" content=\"\u0395\u03c4\u03b1\u03b9\u03c1\u03b5\u03af\u03b1 \u03b3\u03b9\u03b1 \u03c4\u03bf\u03bd \u0395\u03bb\u03bb\u03b7\u03bd\u03b9\u03c3\u03bc\u03cc \u03ba\u03b1\u03b9 \u03c4\u03bf\u03bd \u03a6\u03b9\u03bb\u03b5\u03bb\u03bb\u03b7\u03bd\u03b9\u03c3\u03bc\u03cc\" \/>\n<meta property=\"article:modified_time\" content=\"2021-04-17T17:30:16+00:00\" \/>\n<meta name=\"twitter:card\" content=\"summary_large_image\" \/>\n<meta name=\"twitter:label1\" content=\"Est. reading time\" \/>\n\t<meta name=\"twitter:data1\" content=\"2 minutes\" \/>\n<script type=\"application\/ld+json\" class=\"yoast-schema-graph\">{\"@context\":\"https:\\\/\\\/schema.org\",\"@graph\":[{\"@type\":\"WebPage\",\"@id\":\"https:\\\/\\\/www.eefshp.org\\\/en\\\/activities\\\/news\\\/\",\"url\":\"https:\\\/\\\/www.eefshp.org\\\/en\\\/activities\\\/news\\\/\",\"name\":\"News - \u0395\u03c4\u03b1\u03b9\u03c1\u03b5\u03af\u03b1 \u03b3\u03b9\u03b1 \u03c4\u03bf\u03bd \u0395\u03bb\u03bb\u03b7\u03bd\u03b9\u03c3\u03bc\u03cc \u03ba\u03b1\u03b9 \u03c4\u03bf\u03bd \u03a6\u03b9\u03bb\u03b5\u03bb\u03bb\u03b7\u03bd\u03b9\u03c3\u03bc\u03cc\",\"isPartOf\":{\"@id\":\"https:\\\/\\\/www.eefshp.org\\\/#website\"},\"datePublished\":\"2019-05-03T10:58:52+00:00\",\"dateModified\":\"2021-04-17T17:30:16+00:00\",\"breadcrumb\":{\"@id\":\"https:\\\/\\\/www.eefshp.org\\\/en\\\/activities\\\/news\\\/#breadcrumb\"},\"inLanguage\":\"en-US\",\"potentialAction\":[{\"@type\":\"ReadAction\",\"target\":[\"https:\\\/\\\/www.eefshp.org\\\/en\\\/activities\\\/news\\\/\"]}]},{\"@type\":\"BreadcrumbList\",\"@id\":\"https:\\\/\\\/www.eefshp.org\\\/en\\\/activities\\\/news\\\/#breadcrumb\",\"itemListElement\":[{\"@type\":\"ListItem\",\"position\":1,\"name\":\"Home\",\"item\":\"https:\\\/\\\/www.eefshp.org\\\/en\\\/\"},{\"@type\":\"ListItem\",\"position\":2,\"name\":\"Activities\",\"item\":\"https:\\\/\\\/www.eefshp.org\\\/en\\\/activities\\\/\"},{\"@type\":\"ListItem\",\"position\":3,\"name\":\"News\"}]},{\"@type\":\"WebSite\",\"@id\":\"https:\\\/\\\/www.eefshp.org\\\/#website\",\"url\":\"https:\\\/\\\/www.eefshp.org\\\/\",\"name\":\"\u0395\u03c4\u03b1\u03b9\u03c1\u03b5\u03af\u03b1 \u03b3\u03b9\u03b1 \u03c4\u03bf\u03bd \u0395\u03bb\u03bb\u03b7\u03bd\u03b9\u03c3\u03bc\u03cc \u03ba\u03b1\u03b9 \u03c4\u03bf\u03bd \u03a6\u03b9\u03bb\u03b5\u03bb\u03bb\u03b7\u03bd\u03b9\u03c3\u03bc\u03cc\",\"description\":\"\",\"publisher\":{\"@id\":\"https:\\\/\\\/www.eefshp.org\\\/#organization\"},\"potentialAction\":[{\"@type\":\"SearchAction\",\"target\":{\"@type\":\"EntryPoint\",\"urlTemplate\":\"https:\\\/\\\/www.eefshp.org\\\/?s={search_term_string}\"},\"query-input\":{\"@type\":\"PropertyValueSpecification\",\"valueRequired\":true,\"valueName\":\"search_term_string\"}}],\"inLanguage\":\"en-US\"},{\"@type\":\"Organization\",\"@id\":\"https:\\\/\\\/www.eefshp.org\\\/#organization\",\"name\":\"\u0395\u03c4\u03b1\u03b9\u03c1\u03b5\u03af\u03b1 \u03b3\u03b9\u03b1 \u03c4\u03bf\u03bd \u0395\u03bb\u03bb\u03b7\u03bd\u03b9\u03c3\u03bc\u03cc \u03ba\u03b1\u03b9 \u03c4\u03bf\u03bd \u03a6\u03b9\u03bb\u03b5\u03bb\u03bb\u03b7\u03bd\u03b9\u03c3\u03bc\u03cc\",\"url\":\"https:\\\/\\\/www.eefshp.org\\\/\",\"logo\":{\"@type\":\"ImageObject\",\"inLanguage\":\"en-US\",\"@id\":\"https:\\\/\\\/www.eefshp.org\\\/#\\\/schema\\\/logo\\\/image\\\/\",\"url\":\"https:\\\/\\\/www.eefshp.org\\\/wp-content\\\/uploads\\\/2019\\\/04\\\/logo_eefshp_80h_EL.png\",\"contentUrl\":\"https:\\\/\\\/www.eefshp.org\\\/wp-content\\\/uploads\\\/2019\\\/04\\\/logo_eefshp_80h_EL.png\",\"width\":358,\"height\":80,\"caption\":\"\u0395\u03c4\u03b1\u03b9\u03c1\u03b5\u03af\u03b1 \u03b3\u03b9\u03b1 \u03c4\u03bf\u03bd \u0395\u03bb\u03bb\u03b7\u03bd\u03b9\u03c3\u03bc\u03cc \u03ba\u03b1\u03b9 \u03c4\u03bf\u03bd \u03a6\u03b9\u03bb\u03b5\u03bb\u03bb\u03b7\u03bd\u03b9\u03c3\u03bc\u03cc\"},\"image\":{\"@id\":\"https:\\\/\\\/www.eefshp.org\\\/#\\\/schema\\\/logo\\\/image\\\/\"}}]}<\/script>\n<!-- \/ Yoast SEO plugin. -->","yoast_head_json":{"title":"News - \u0395\u03c4\u03b1\u03b9\u03c1\u03b5\u03af\u03b1 \u03b3\u03b9\u03b1 \u03c4\u03bf\u03bd \u0395\u03bb\u03bb\u03b7\u03bd\u03b9\u03c3\u03bc\u03cc \u03ba\u03b1\u03b9 \u03c4\u03bf\u03bd \u03a6\u03b9\u03bb\u03b5\u03bb\u03bb\u03b7\u03bd\u03b9\u03c3\u03bc\u03cc","robots":{"index":"index","follow":"follow","max-snippet":"max-snippet:-1","max-image-preview":"max-image-preview:large","max-video-preview":"max-video-preview:-1"},"canonical":"https:\/\/www.eefshp.org\/en\/activities\/news\/","og_locale":"en_US","og_type":"article","og_title":"News - \u0395\u03c4\u03b1\u03b9\u03c1\u03b5\u03af\u03b1 \u03b3\u03b9\u03b1 \u03c4\u03bf\u03bd \u0395\u03bb\u03bb\u03b7\u03bd\u03b9\u03c3\u03bc\u03cc \u03ba\u03b1\u03b9 \u03c4\u03bf\u03bd \u03a6\u03b9\u03bb\u03b5\u03bb\u03bb\u03b7\u03bd\u03b9\u03c3\u03bc\u03cc","og_url":"https:\/\/www.eefshp.org\/en\/activities\/news\/","og_site_name":"\u0395\u03c4\u03b1\u03b9\u03c1\u03b5\u03af\u03b1 \u03b3\u03b9\u03b1 \u03c4\u03bf\u03bd \u0395\u03bb\u03bb\u03b7\u03bd\u03b9\u03c3\u03bc\u03cc \u03ba\u03b1\u03b9 \u03c4\u03bf\u03bd \u03a6\u03b9\u03bb\u03b5\u03bb\u03bb\u03b7\u03bd\u03b9\u03c3\u03bc\u03cc","article_modified_time":"2021-04-17T17:30:16+00:00","twitter_card":"summary_large_image","twitter_misc":{"Est. reading time":"2 minutes"},"schema":{"@context":"https:\/\/schema.org","@graph":[{"@type":"WebPage","@id":"https:\/\/www.eefshp.org\/en\/activities\/news\/","url":"https:\/\/www.eefshp.org\/en\/activities\/news\/","name":"News - \u0395\u03c4\u03b1\u03b9\u03c1\u03b5\u03af\u03b1 \u03b3\u03b9\u03b1 \u03c4\u03bf\u03bd \u0395\u03bb\u03bb\u03b7\u03bd\u03b9\u03c3\u03bc\u03cc \u03ba\u03b1\u03b9 \u03c4\u03bf\u03bd \u03a6\u03b9\u03bb\u03b5\u03bb\u03bb\u03b7\u03bd\u03b9\u03c3\u03bc\u03cc","isPartOf":{"@id":"https:\/\/www.eefshp.org\/#website"},"datePublished":"2019-05-03T10:58:52+00:00","dateModified":"2021-04-17T17:30:16+00:00","breadcrumb":{"@id":"https:\/\/www.eefshp.org\/en\/activities\/news\/#breadcrumb"},"inLanguage":"en-US","potentialAction":[{"@type":"ReadAction","target":["https:\/\/www.eefshp.org\/en\/activities\/news\/"]}]},{"@type":"BreadcrumbList","@id":"https:\/\/www.eefshp.org\/en\/activities\/news\/#breadcrumb","itemListElement":[{"@type":"ListItem","position":1,"name":"Home","item":"https:\/\/www.eefshp.org\/en\/"},{"@type":"ListItem","position":2,"name":"Activities","item":"https:\/\/www.eefshp.org\/en\/activities\/"},{"@type":"ListItem","position":3,"name":"News"}]},{"@type":"WebSite","@id":"https:\/\/www.eefshp.org\/#website","url":"https:\/\/www.eefshp.org\/","name":"\u0395\u03c4\u03b1\u03b9\u03c1\u03b5\u03af\u03b1 \u03b3\u03b9\u03b1 \u03c4\u03bf\u03bd \u0395\u03bb\u03bb\u03b7\u03bd\u03b9\u03c3\u03bc\u03cc \u03ba\u03b1\u03b9 \u03c4\u03bf\u03bd \u03a6\u03b9\u03bb\u03b5\u03bb\u03bb\u03b7\u03bd\u03b9\u03c3\u03bc\u03cc","description":"","publisher":{"@id":"https:\/\/www.eefshp.org\/#organization"},"potentialAction":[{"@type":"SearchAction","target":{"@type":"EntryPoint","urlTemplate":"https:\/\/www.eefshp.org\/?s={search_term_string}"},"query-input":{"@type":"PropertyValueSpecification","valueRequired":true,"valueName":"search_term_string"}}],"inLanguage":"en-US"},{"@type":"Organization","@id":"https:\/\/www.eefshp.org\/#organization","name":"\u0395\u03c4\u03b1\u03b9\u03c1\u03b5\u03af\u03b1 \u03b3\u03b9\u03b1 \u03c4\u03bf\u03bd \u0395\u03bb\u03bb\u03b7\u03bd\u03b9\u03c3\u03bc\u03cc \u03ba\u03b1\u03b9 \u03c4\u03bf\u03bd \u03a6\u03b9\u03bb\u03b5\u03bb\u03bb\u03b7\u03bd\u03b9\u03c3\u03bc\u03cc","url":"https:\/\/www.eefshp.org\/","logo":{"@type":"ImageObject","inLanguage":"en-US","@id":"https:\/\/www.eefshp.org\/#\/schema\/logo\/image\/","url":"https:\/\/www.eefshp.org\/wp-content\/uploads\/2019\/04\/logo_eefshp_80h_EL.png","contentUrl":"https:\/\/www.eefshp.org\/wp-content\/uploads\/2019\/04\/logo_eefshp_80h_EL.png","width":358,"height":80,"caption":"\u0395\u03c4\u03b1\u03b9\u03c1\u03b5\u03af\u03b1 \u03b3\u03b9\u03b1 \u03c4\u03bf\u03bd \u0395\u03bb\u03bb\u03b7\u03bd\u03b9\u03c3\u03bc\u03cc \u03ba\u03b1\u03b9 \u03c4\u03bf\u03bd \u03a6\u03b9\u03bb\u03b5\u03bb\u03bb\u03b7\u03bd\u03b9\u03c3\u03bc\u03cc"},"image":{"@id":"https:\/\/www.eefshp.org\/#\/schema\/logo\/image\/"}}]}},"_links":{"self":[{"href":"https:\/\/www.eefshp.org\/en\/wp-json\/wp\/v2\/pages\/9553","targetHints":{"allow":["GET"]}}],"collection":[{"href":"https:\/\/www.eefshp.org\/en\/wp-json\/wp\/v2\/pages"}],"about":[{"href":"https:\/\/www.eefshp.org\/en\/wp-json\/wp\/v2\/types\/page"}],"author":[{"embeddable":true,"href":"https:\/\/www.eefshp.org\/en\/wp-json\/wp\/v2\/users\/10"}],"replies":[{"embeddable":true,"href":"https:\/\/www.eefshp.org\/en\/wp-json\/wp\/v2\/comments?post=9553"}],"version-history":[{"count":6,"href":"https:\/\/www.eefshp.org\/en\/wp-json\/wp\/v2\/pages\/9553\/revisions"}],"predecessor-version":[{"id":16413,"href":"https:\/\/www.eefshp.org\/en\/wp-json\/wp\/v2\/pages\/9553\/revisions\/16413"}],"up":[{"embeddable":true,"href":"https:\/\/www.eefshp.org\/en\/wp-json\/wp\/v2\/pages\/9550"}],"wp:attachment":[{"href":"https:\/\/www.eefshp.org\/en\/wp-json\/wp\/v2\/media?parent=9553"}],"curies":[{"name":"wp","href":"https:\/\/api.w.org\/{rel}","templated":true}]}}